{"id":862,"date":"2023-12-20T16:18:11","date_gmt":"2023-12-20T16:18:11","guid":{"rendered":"https:\/\/www.riminihotelcavallucciomarino.it\/appartamenti-suites\/suite-madreperla\/"},"modified":"2024-12-09T10:03:28","modified_gmt":"2024-12-09T10:03:28","slug":"suite-madreperla","status":"publish","type":"page","link":"https:\/\/www.riminihotelcavallucciomarino.it\/fr\/appartamenti-suites\/suite-madreperla\/","title":{"rendered":"Suite Madreperla"},"content":{"rendered":"<p><strong>Cette suite deux pi\u00e8ces exclusive<\/strong> (28\u00a0m\u00b2) situ\u00e9e au premier \u00e9tage se caract\u00e9rise par environ 120\u00a0m\u00b2 de<strong> terrasse ensoleill\u00e9e panoramique, priv\u00e9e et avec vue sur la mer,<\/strong> meubl\u00e9e avec un parasol, une table et des chaises longues, sur laquelle vous pourrez vous abandonner et admirer le magnifique panorama de la c\u00f4te Adriatique et profiter de vos soir\u00e9es en toute libert\u00e9.<\/p>\n<p>Meubl\u00e9e avec des couleurs douces et un design contemporain avec des sols en c\u00e9ramique modernes, une insonorisation totale, une climatisation \u00e0 s\u00e9lection individuelle et des rideaux occultants.<\/p>\n","protected":false},"excerpt":{"rendered":"<p>Cette suite deux pi\u00e8ces exclusive (28\u00a0m\u00b2) situ\u00e9e au premier \u00e9tage se caract\u00e9rise par environ 120\u00a0m\u00b2 de terrasse ensoleill\u00e9e panoramique, priv\u00e9e et avec vue sur la mer, meubl\u00e9e avec un parasol, une table et des chaises longues, sur laquelle vous pourrez vous abandonner et admirer le magnifique panorama de la c\u00f4te Adriatique et profiter de vos [&hellip;]<\/p>\n","protected":false},"author":12,"featured_media":681,"parent":859,"menu_order":8,"comment_status":"closed","ping_status":"closed","template":"template-single-room.php","meta":{"footnotes":""},"categories":[],"class_list":["post-862","page","type-page","status-publish","has-post-thumbnail","hentry"],"yoast_head":"<!-- This site is optimized with the Yoast SEO plugin v27.3 - https:\/\/yoast.com\/product\/yoast-seo-wordpress\/ -->\n<title>Suite Madreperla - Cavalluccio Marino Hotel &amp; Residence<\/title>\n<meta name=\"description\" content=\"Cette suite deux pi\u00e8ces exclusive (28\u00a0m\u00b2) situ\u00e9e au premier \u00e9tage se caract\u00e9rise par environ 120\u00a0m\u00b2 de terrasse ensoleill\u00e9e panoramique, priv\u00e9e et avec vue sur la mer, meubl\u00e9e avec un parasol, une table et des chaises longues, sur laquelle vous pourrez vous abandonner et admirer le magnifique panorama de la c\u00f4te Adriatique et profiter de vos soir\u00e9es en toute libert\u00e9.  Meubl\u00e9e avec des couleurs douces et un design contemporain avec des sols en c\u00e9ramique modernes, une insonorisation totale, une climatisation \u00e0 s\u00e9lection individuelle et des rideaux occultants..\" \/>\n<meta name=\"robots\" content=\"index, follow, max-snippet:-1, max-image-preview:large, max-video-preview:-1\" \/>\n<link rel=\"canonical\" href=\"https:\/\/www.riminihotelcavallucciomarino.it\/fr\/appartamenti-suites\/suite-madreperla\/\" \/>\n<meta property=\"og:locale\" content=\"fr_FR\" \/>\n<meta property=\"og:type\" content=\"article\" \/>\n<meta property=\"og:title\" content=\"Suite Madreperla - Cavalluccio Marino Hotel &amp; Residence\" \/>\n<meta property=\"og:description\" content=\"Cette suite deux pi\u00e8ces exclusive (28\u00a0m\u00b2) situ\u00e9e au premier \u00e9tage se caract\u00e9rise par environ 120\u00a0m\u00b2 de terrasse ensoleill\u00e9e panoramique, priv\u00e9e et avec vue sur la mer, meubl\u00e9e avec un parasol, une table et des chaises longues, sur laquelle vous pourrez vous abandonner et admirer le magnifique panorama de la c\u00f4te Adriatique et profiter de vos soir\u00e9es en toute libert\u00e9.  Meubl\u00e9e avec des couleurs douces et un design contemporain avec des sols en c\u00e9ramique modernes, une insonorisation totale, une climatisation \u00e0 s\u00e9lection individuelle et des rideaux occultants..\" \/>\n<meta property=\"og:url\" content=\"https:\/\/www.riminihotelcavallucciomarino.it\/fr\/appartamenti-suites\/suite-madreperla\/\" \/>\n<meta property=\"og:site_name\" content=\"Cavalluccio Marino Hotel &amp; Residence\" \/>\n<meta property=\"article:publisher\" content=\"https:\/\/www.facebook.com\/HotelCavalluccioMarino.Rimini\" \/>\n<meta property=\"article:modified_time\" content=\"2024-12-09T10:03:28+00:00\" \/>\n<meta property=\"og:image\" content=\"https:\/\/www.riminihotelcavallucciomarino.it\/wp-content\/uploads\/sites\/89\/2023\/12\/suite-madreperla-cavalluccio-marino.jpg\" \/>\n\t<meta property=\"og:image:width\" content=\"1200\" \/>\n\t<meta property=\"og:image:height\" content=\"800\" \/>\n\t<meta property=\"og:image:type\" content=\"image\/jpeg\" \/>\n<meta name=\"twitter:card\" content=\"summary_large_image\" \/>\n<meta name=\"twitter:label1\" content=\"Dur\u00e9e de lecture estim\u00e9e\" \/>\n\t<meta name=\"twitter:data1\" content=\"1 minute\" \/>\n<script type=\"application\/ld+json\" class=\"yoast-schema-graph\">{\"@context\":\"https:\\\/\\\/schema.org\",\"@graph\":[{\"@type\":\"WebPage\",\"@id\":\"https:\\\/\\\/www.riminihotelcavallucciomarino.it\\\/fr\\\/appartamenti-suites\\\/suite-madreperla\\\/\",\"url\":\"https:\\\/\\\/www.riminihotelcavallucciomarino.it\\\/fr\\\/appartamenti-suites\\\/suite-madreperla\\\/\",\"name\":\"Suite Madreperla - Cavalluccio Marino Hotel & Residence\",\"isPartOf\":{\"@id\":\"https:\\\/\\\/www.riminihotelcavallucciomarino.it\\\/fr\\\/#website\"},\"primaryImageOfPage\":{\"@id\":\"https:\\\/\\\/www.riminihotelcavallucciomarino.it\\\/fr\\\/appartamenti-suites\\\/suite-madreperla\\\/#primaryimage\"},\"image\":{\"@id\":\"https:\\\/\\\/www.riminihotelcavallucciomarino.it\\\/fr\\\/appartamenti-suites\\\/suite-madreperla\\\/#primaryimage\"},\"thumbnailUrl\":\"https:\\\/\\\/www.riminihotelcavallucciomarino.it\\\/wp-content\\\/uploads\\\/sites\\\/89\\\/2023\\\/12\\\/suite-madreperla-cavalluccio-marino.jpg\",\"datePublished\":\"2023-12-20T16:18:11+00:00\",\"dateModified\":\"2024-12-09T10:03:28+00:00\",\"description\":\"Cette suite deux pi\u00e8ces exclusive (28\u00a0m\u00b2) situ\u00e9e au premier \u00e9tage se caract\u00e9rise par environ 120\u00a0m\u00b2 de terrasse ensoleill\u00e9e panoramique, priv\u00e9e et avec vue sur la mer, meubl\u00e9e avec un parasol, une table et des chaises longues, sur laquelle vous pourrez vous abandonner et admirer le magnifique panorama de la c\u00f4te Adriatique et profiter de vos soir\u00e9es en toute libert\u00e9. Meubl\u00e9e avec des couleurs douces et un design contemporain avec des sols en c\u00e9ramique modernes, une insonorisation totale, une climatisation \u00e0 s\u00e9lection individuelle et des rideaux occultants..\",\"breadcrumb\":{\"@id\":\"https:\\\/\\\/www.riminihotelcavallucciomarino.it\\\/fr\\\/appartamenti-suites\\\/suite-madreperla\\\/#breadcrumb\"},\"inLanguage\":\"fr-FR\",\"potentialAction\":[{\"@type\":\"ReadAction\",\"target\":[\"https:\\\/\\\/www.riminihotelcavallucciomarino.it\\\/fr\\\/appartamenti-suites\\\/suite-madreperla\\\/\"]}]},{\"@type\":\"ImageObject\",\"inLanguage\":\"fr-FR\",\"@id\":\"https:\\\/\\\/www.riminihotelcavallucciomarino.it\\\/fr\\\/appartamenti-suites\\\/suite-madreperla\\\/#primaryimage\",\"url\":\"https:\\\/\\\/www.riminihotelcavallucciomarino.it\\\/wp-content\\\/uploads\\\/sites\\\/89\\\/2023\\\/12\\\/suite-madreperla-cavalluccio-marino.jpg\",\"contentUrl\":\"https:\\\/\\\/www.riminihotelcavallucciomarino.it\\\/wp-content\\\/uploads\\\/sites\\\/89\\\/2023\\\/12\\\/suite-madreperla-cavalluccio-marino.jpg\",\"width\":1200,\"height\":800},{\"@type\":\"BreadcrumbList\",\"@id\":\"https:\\\/\\\/www.riminihotelcavallucciomarino.it\\\/fr\\\/appartamenti-suites\\\/suite-madreperla\\\/#breadcrumb\",\"itemListElement\":[{\"@type\":\"ListItem\",\"position\":1,\"name\":\"Home\",\"item\":\"https:\\\/\\\/www.riminihotelcavallucciomarino.it\\\/fr\\\/\"},{\"@type\":\"ListItem\",\"position\":2,\"name\":\"Appartements &#038; Suites\",\"item\":\"https:\\\/\\\/www.riminihotelcavallucciomarino.it\\\/fr\\\/appartamenti-suites\\\/\"},{\"@type\":\"ListItem\",\"position\":3,\"name\":\"Suite Madreperla\"}]},{\"@type\":\"WebSite\",\"@id\":\"https:\\\/\\\/www.riminihotelcavallucciomarino.it\\\/fr\\\/#website\",\"url\":\"https:\\\/\\\/www.riminihotelcavallucciomarino.it\\\/fr\\\/\",\"name\":\"Cavalluccio Marino Hotel & Residence\",\"description\":\"\",\"publisher\":{\"@id\":\"https:\\\/\\\/www.riminihotelcavallucciomarino.it\\\/fr\\\/#organization\"},\"potentialAction\":[{\"@type\":\"SearchAction\",\"target\":{\"@type\":\"EntryPoint\",\"urlTemplate\":\"https:\\\/\\\/www.riminihotelcavallucciomarino.it\\\/fr\\\/?s={search_term_string}\"},\"query-input\":{\"@type\":\"PropertyValueSpecification\",\"valueRequired\":true,\"valueName\":\"search_term_string\"}}],\"inLanguage\":\"fr-FR\"},{\"@type\":\"Organization\",\"@id\":\"https:\\\/\\\/www.riminihotelcavallucciomarino.it\\\/fr\\\/#organization\",\"name\":\"Cavalluccio Marino Hotel & Residence\",\"url\":\"https:\\\/\\\/www.riminihotelcavallucciomarino.it\\\/fr\\\/\",\"logo\":{\"@type\":\"ImageObject\",\"inLanguage\":\"fr-FR\",\"@id\":\"https:\\\/\\\/www.riminihotelcavallucciomarino.it\\\/fr\\\/#\\\/schema\\\/logo\\\/image\\\/\",\"url\":\"https:\\\/\\\/cavalluccio-marino.ms2.decms.eu\\\/wp-content\\\/uploads\\\/sites\\\/89\\\/2023\\\/12\\\/logo-grande-cavalluccio.png\",\"contentUrl\":\"https:\\\/\\\/cavalluccio-marino.ms2.decms.eu\\\/wp-content\\\/uploads\\\/sites\\\/89\\\/2023\\\/12\\\/logo-grande-cavalluccio.png\",\"width\":328,\"height\":167,\"caption\":\"Cavalluccio Marino Hotel & Residence\"},\"image\":{\"@id\":\"https:\\\/\\\/www.riminihotelcavallucciomarino.it\\\/fr\\\/#\\\/schema\\\/logo\\\/image\\\/\"},\"sameAs\":[\"https:\\\/\\\/www.facebook.com\\\/HotelCavalluccioMarino.Rimini\",\"https:\\\/\\\/www.instagram.com\\\/hotel.cavallucciomarino\\\/\"]}]}<\/script>\n<!-- \/ Yoast SEO plugin. -->","yoast_head_json":{"title":"Suite Madreperla - Cavalluccio Marino Hotel & Residence","description":"Cette suite deux pi\u00e8ces exclusive (28\u00a0m\u00b2) situ\u00e9e au premier \u00e9tage se caract\u00e9rise par environ 120\u00a0m\u00b2 de terrasse ensoleill\u00e9e panoramique, priv\u00e9e et avec vue sur la mer, meubl\u00e9e avec un parasol, une table et des chaises longues, sur laquelle vous pourrez vous abandonner et admirer le magnifique panorama de la c\u00f4te Adriatique et profiter de vos soir\u00e9es en toute libert\u00e9.  Meubl\u00e9e avec des couleurs douces et un design contemporain avec des sols en c\u00e9ramique modernes, une insonorisation totale, une climatisation \u00e0 s\u00e9lection individuelle et des rideaux occultants..","robots":{"index":"index","follow":"follow","max-snippet":"max-snippet:-1","max-image-preview":"max-image-preview:large","max-video-preview":"max-video-preview:-1"},"canonical":"https:\/\/www.riminihotelcavallucciomarino.it\/fr\/appartamenti-suites\/suite-madreperla\/","og_locale":"fr_FR","og_type":"article","og_title":"Suite Madreperla - Cavalluccio Marino Hotel & Residence","og_description":"Cette suite deux pi\u00e8ces exclusive (28\u00a0m\u00b2) situ\u00e9e au premier \u00e9tage se caract\u00e9rise par environ 120\u00a0m\u00b2 de terrasse ensoleill\u00e9e panoramique, priv\u00e9e et avec vue sur la mer, meubl\u00e9e avec un parasol, une table et des chaises longues, sur laquelle vous pourrez vous abandonner et admirer le magnifique panorama de la c\u00f4te Adriatique et profiter de vos soir\u00e9es en toute libert\u00e9.  Meubl\u00e9e avec des couleurs douces et un design contemporain avec des sols en c\u00e9ramique modernes, une insonorisation totale, une climatisation \u00e0 s\u00e9lection individuelle et des rideaux occultants..","og_url":"https:\/\/www.riminihotelcavallucciomarino.it\/fr\/appartamenti-suites\/suite-madreperla\/","og_site_name":"Cavalluccio Marino Hotel & Residence","article_publisher":"https:\/\/www.facebook.com\/HotelCavalluccioMarino.Rimini","article_modified_time":"2024-12-09T10:03:28+00:00","og_image":[{"width":1200,"height":800,"url":"https:\/\/www.riminihotelcavallucciomarino.it\/wp-content\/uploads\/sites\/89\/2023\/12\/suite-madreperla-cavalluccio-marino.jpg","type":"image\/jpeg"}],"twitter_card":"summary_large_image","twitter_misc":{"Dur\u00e9e de lecture estim\u00e9e":"1 minute"},"schema":{"@context":"https:\/\/schema.org","@graph":[{"@type":"WebPage","@id":"https:\/\/www.riminihotelcavallucciomarino.it\/fr\/appartamenti-suites\/suite-madreperla\/","url":"https:\/\/www.riminihotelcavallucciomarino.it\/fr\/appartamenti-suites\/suite-madreperla\/","name":"Suite Madreperla - Cavalluccio Marino Hotel & Residence","isPartOf":{"@id":"https:\/\/www.riminihotelcavallucciomarino.it\/fr\/#website"},"primaryImageOfPage":{"@id":"https:\/\/www.riminihotelcavallucciomarino.it\/fr\/appartamenti-suites\/suite-madreperla\/#primaryimage"},"image":{"@id":"https:\/\/www.riminihotelcavallucciomarino.it\/fr\/appartamenti-suites\/suite-madreperla\/#primaryimage"},"thumbnailUrl":"https:\/\/www.riminihotelcavallucciomarino.it\/wp-content\/uploads\/sites\/89\/2023\/12\/suite-madreperla-cavalluccio-marino.jpg","datePublished":"2023-12-20T16:18:11+00:00","dateModified":"2024-12-09T10:03:28+00:00","description":"Cette suite deux pi\u00e8ces exclusive (28\u00a0m\u00b2) situ\u00e9e au premier \u00e9tage se caract\u00e9rise par environ 120\u00a0m\u00b2 de terrasse ensoleill\u00e9e panoramique, priv\u00e9e et avec vue sur la mer, meubl\u00e9e avec un parasol, une table et des chaises longues, sur laquelle vous pourrez vous abandonner et admirer le magnifique panorama de la c\u00f4te Adriatique et profiter de vos soir\u00e9es en toute libert\u00e9. Meubl\u00e9e avec des couleurs douces et un design contemporain avec des sols en c\u00e9ramique modernes, une insonorisation totale, une climatisation \u00e0 s\u00e9lection individuelle et des rideaux occultants..","breadcrumb":{"@id":"https:\/\/www.riminihotelcavallucciomarino.it\/fr\/appartamenti-suites\/suite-madreperla\/#breadcrumb"},"inLanguage":"fr-FR","potentialAction":[{"@type":"ReadAction","target":["https:\/\/www.riminihotelcavallucciomarino.it\/fr\/appartamenti-suites\/suite-madreperla\/"]}]},{"@type":"ImageObject","inLanguage":"fr-FR","@id":"https:\/\/www.riminihotelcavallucciomarino.it\/fr\/appartamenti-suites\/suite-madreperla\/#primaryimage","url":"https:\/\/www.riminihotelcavallucciomarino.it\/wp-content\/uploads\/sites\/89\/2023\/12\/suite-madreperla-cavalluccio-marino.jpg","contentUrl":"https:\/\/www.riminihotelcavallucciomarino.it\/wp-content\/uploads\/sites\/89\/2023\/12\/suite-madreperla-cavalluccio-marino.jpg","width":1200,"height":800},{"@type":"BreadcrumbList","@id":"https:\/\/www.riminihotelcavallucciomarino.it\/fr\/appartamenti-suites\/suite-madreperla\/#breadcrumb","itemListElement":[{"@type":"ListItem","position":1,"name":"Home","item":"https:\/\/www.riminihotelcavallucciomarino.it\/fr\/"},{"@type":"ListItem","position":2,"name":"Appartements &#038; Suites","item":"https:\/\/www.riminihotelcavallucciomarino.it\/fr\/appartamenti-suites\/"},{"@type":"ListItem","position":3,"name":"Suite Madreperla"}]},{"@type":"WebSite","@id":"https:\/\/www.riminihotelcavallucciomarino.it\/fr\/#website","url":"https:\/\/www.riminihotelcavallucciomarino.it\/fr\/","name":"Cavalluccio Marino Hotel & Residence","description":"","publisher":{"@id":"https:\/\/www.riminihotelcavallucciomarino.it\/fr\/#organization"},"potentialAction":[{"@type":"SearchAction","target":{"@type":"EntryPoint","urlTemplate":"https:\/\/www.riminihotelcavallucciomarino.it\/fr\/?s={search_term_string}"},"query-input":{"@type":"PropertyValueSpecification","valueRequired":true,"valueName":"search_term_string"}}],"inLanguage":"fr-FR"},{"@type":"Organization","@id":"https:\/\/www.riminihotelcavallucciomarino.it\/fr\/#organization","name":"Cavalluccio Marino Hotel & Residence","url":"https:\/\/www.riminihotelcavallucciomarino.it\/fr\/","logo":{"@type":"ImageObject","inLanguage":"fr-FR","@id":"https:\/\/www.riminihotelcavallucciomarino.it\/fr\/#\/schema\/logo\/image\/","url":"https:\/\/cavalluccio-marino.ms2.decms.eu\/wp-content\/uploads\/sites\/89\/2023\/12\/logo-grande-cavalluccio.png","contentUrl":"https:\/\/cavalluccio-marino.ms2.decms.eu\/wp-content\/uploads\/sites\/89\/2023\/12\/logo-grande-cavalluccio.png","width":328,"height":167,"caption":"Cavalluccio Marino Hotel & Residence"},"image":{"@id":"https:\/\/www.riminihotelcavallucciomarino.it\/fr\/#\/schema\/logo\/image\/"},"sameAs":["https:\/\/www.facebook.com\/HotelCavalluccioMarino.Rimini","https:\/\/www.instagram.com\/hotel.cavallucciomarino\/"]}]}},"acf":[],"_links":{"self":[{"href":"https:\/\/www.riminihotelcavallucciomarino.it\/fr\/wp-json\/wp\/v2\/pages\/862","targetHints":{"allow":["GET"]}}],"collection":[{"href":"https:\/\/www.riminihotelcavallucciomarino.it\/fr\/wp-json\/wp\/v2\/pages"}],"about":[{"href":"https:\/\/www.riminihotelcavallucciomarino.it\/fr\/wp-json\/wp\/v2\/types\/page"}],"author":[{"embeddable":true,"href":"https:\/\/www.riminihotelcavallucciomarino.it\/fr\/wp-json\/wp\/v2\/users\/12"}],"replies":[{"embeddable":true,"href":"https:\/\/www.riminihotelcavallucciomarino.it\/fr\/wp-json\/wp\/v2\/comments?post=862"}],"version-history":[{"count":0,"href":"https:\/\/www.riminihotelcavallucciomarino.it\/fr\/wp-json\/wp\/v2\/pages\/862\/revisions"}],"up":[{"embeddable":true,"href":"https:\/\/www.riminihotelcavallucciomarino.it\/fr\/wp-json\/wp\/v2\/pages\/859"}],"wp:featuredmedia":[{"embeddable":true,"href":"https:\/\/www.riminihotelcavallucciomarino.it\/fr\/wp-json\/wp\/v2\/media\/681"}],"wp:attachment":[{"href":"https:\/\/www.riminihotelcavallucciomarino.it\/fr\/wp-json\/wp\/v2\/media?parent=862"}],"wp:term":[{"taxonomy":"category","embeddable":true,"href":"https:\/\/www.riminihotelcavallucciomarino.it\/fr\/wp-json\/wp\/v2\/categories?post=862"}],"curies":[{"name":"wp","href":"https:\/\/api.w.org\/{rel}","templated":true}]}}